{"id":584,"date":"2024-01-24T13:45:09","date_gmt":"2024-01-24T12:45:09","guid":{"rendered":"https:\/\/pro-tecs.styleinc.eu\/imprint\/"},"modified":"2025-07-02T16:35:38","modified_gmt":"2025-07-02T14:35:38","slug":"imprint","status":"publish","type":"page","link":"https:\/\/pro-tecs.de\/en\/imprint\/","title":{"rendered":"Imprint"},"content":{"rendered":"<p>[et_pb_section fb_built=&#8221;1&#8243; custom_padding_last_edited=&#8221;on|tablet&#8221; admin_label=&#8221;Hero Section Content&#8221; module_class=&#8221;inside-hero-section&#8221; _builder_version=&#8221;4.24.2&#8243; _module_preset=&#8221;default&#8221; use_background_color_gradient=&#8221;on&#8221; background_color_gradient_stops=&#8221;rgba(0,0,0,0.3) 0%|rgba(0,0,0,0.34) 100%&#8221; background_color_gradient_overlays_image=&#8221;on&#8221; background_image=&#8221;https:\/\/pro-tecs.de\/wp-content\/uploads\/2024\/01\/hero-img.jpg&#8221; parallax=&#8221;on&#8221; parallax_method=&#8221;off&#8221; custom_margin=&#8221;157px||||false|false&#8221; custom_margin_tablet=&#8221;100px||||false|false&#8221; custom_margin_phone=&#8221;126px||||false|false&#8221; custom_margin_last_edited=&#8221;on|tablet&#8221; custom_padding=&#8221;188px||407px||false|false&#8221; custom_padding_tablet=&#8221;69px||207px||false|false&#8221; custom_padding_phone=&#8221;52px||119px||false|false&#8221; background_last_edited=&#8221;on|tablet&#8221; parallax_tablet=&#8221;off&#8221; global_colors_info=&#8221;{%22gcid-7ac511bd-47e9-4241-98c8-bed0dd7deb16%22:%91%22background_color%22%93}&#8221;][et_pb_row use_custom_gutter=&#8221;on&#8221; gutter_width=&#8221;1&#8243; make_equal=&#8221;on&#8221; admin_label=&#8221;Hero Section Content Row&#8221; _builder_version=&#8221;4.24.0&#8243; _module_preset=&#8221;default&#8221; custom_padding=&#8221;0px||0px||true|false&#8221; global_colors_info=&#8221;{}&#8221;][et_pb_column type=&#8221;4_4&#8243; module_class=&#8221;hero-section-left&#8221; _builder_version=&#8221;4.24.0&#8243; _module_preset=&#8221;default&#8221; global_colors_info=&#8221;{}&#8221;][et_pb_text _builder_version=&#8221;4.27.4&#8243; _dynamic_attributes=&#8221;content&#8221; _module_preset=&#8221;default&#8221; header_text_color=&#8221;#FFFFFF&#8221; hover_enabled=&#8221;0&#8243; global_colors_info=&#8221;{}&#8221; module_class=&#8221;h1&#8243; sticky_enabled=&#8221;0&#8243;]@ET-DC@eyJkeW5hbWljIjp0cnVlLCJjb250ZW50IjoicG9zdF90aXRsZSIsInNldHRpbmdzIjp7ImJlZm9yZSI6IjxoMT4iLCJhZnRlciI6IjxcL2gxPiJ9fQ==@[\/et_pb_text][\/et_pb_column][\/et_pb_row][\/et_pb_section][et_pb_section fb_built=&#8221;1&#8243; custom_padding_last_edited=&#8221;on|tablet&#8221; admin_label=&#8221;Impressum Content Section&#8221; module_class=&#8221;inner-body-top&#8221; _builder_version=&#8221;4.24.2&#8243; _module_preset=&#8221;default&#8221; custom_padding=&#8221;0px||140px||false|false&#8221; custom_padding_tablet=&#8221;0px||70px||false|false&#8221; custom_padding_phone=&#8221;0px||50px||false|false&#8221; global_colors_info=&#8221;{}&#8221;][et_pb_row column_structure=&#8221;1_3,1_3,1_3&#8243; use_custom_gutter=&#8221;on&#8221; gutter_width=&#8221;1&#8243; make_equal=&#8221;on&#8221; custom_padding_last_edited=&#8221;on|tablet&#8221; admin_label=&#8221;Company Information&#8221; module_class=&#8221;inner-body-top-row&#8221; _builder_version=&#8221;4.24.2&#8243; _module_preset=&#8221;default&#8221; custom_padding=&#8221;0px||50px||false|false&#8221; custom_padding_tablet=&#8221;||34px||false|false&#8221; custom_padding_phone=&#8221;||34px||false|false&#8221; border_width_bottom=&#8221;1px&#8221; border_color_bottom=&#8221;#000000&#8243; global_colors_info=&#8221;{}&#8221;][et_pb_column type=&#8221;1_3&#8243; module_class=&#8221;column1&#8243; _builder_version=&#8221;4.24.2&#8243; _module_preset=&#8221;default&#8221; custom_padding=&#8221;|50px|||false|false&#8221; custom_padding_tablet=&#8221;|0px|33px||false|false&#8221; custom_padding_phone=&#8221;|0px|23px||false|false&#8221; custom_padding_last_edited=&#8221;on|tablet&#8221; global_colors_info=&#8221;{}&#8221;][et_pb_text admin_label=&#8221;PRO-TECS GmbH  Gesch\u00e4ftsf\u00fchrer: Christian Semrau   Feldstra\u00dfe 1  24983 Handewitt&#8221; _builder_version=&#8221;4.24.2&#8243; _module_preset=&#8221;default&#8221; global_colors_info=&#8221;{}&#8221;]PRO-TECS GmbH<br \/>\nManaging Director: Christian Semrau <\/p>\n<p>Feldstra\u00dfe 1<br \/>\n24983 Handewitt[\/et_pb_text][\/et_pb_column][et_pb_column type=&#8221;1_3&#8243; _builder_version=&#8221;4.24.2&#8243; _module_preset=&#8221;default&#8221; custom_padding=&#8221;|50px||50px|false|true&#8221; custom_padding_tablet=&#8221;33px|0px|35px|0px|false|true&#8221; custom_padding_phone=&#8221;23px|0px|23px|0px|true|true&#8221; custom_padding_last_edited=&#8221;on|tablet&#8221; border_width_right=&#8221;1px&#8221; border_color_right=&#8221;#000000&#8243; border_color_bottom=&#8221;#000000&#8243; border_width_left=&#8221;1px&#8221; border_color_left=&#8221;#000000&#8243; border_width_top_tablet=&#8221;1px&#8221; border_width_top_phone=&#8221;1px&#8221; border_width_top_last_edited=&#8221;on|tablet&#8221; border_width_right_tablet=&#8221;0px&#8221; border_width_right_phone=&#8221;0px&#8221; border_width_right_last_edited=&#8221;on|tablet&#8221; border_width_bottom_tablet=&#8221;1px&#8221; border_width_bottom_phone=&#8221;1px&#8221; border_width_bottom_last_edited=&#8221;on|tablet&#8221; border_width_left_tablet=&#8221;0px&#8221; border_width_left_phone=&#8221;0px&#8221; border_width_left_last_edited=&#8221;on|tablet&#8221; global_colors_info=&#8221;{}&#8221;][et_pb_text admin_label=&#8221;Tel.: +49 (0) 4608 9736900 Fax: +49 (0) 4608 9736915 Mail: info(@)pro-tecs.de&#8221; _builder_version=&#8221;4.24.2&#8243; _module_preset=&#8221;default&#8221; global_colors_info=&#8221;{}&#8221;]<strong>Phone: <\/strong> <a href=\"tel:+49%20(0)%204608%209736900\">+49 (0) 4608 9736900<\/a><br \/>\n<strong>Fax: <\/strong> +49 (0) 4608 9736915<br \/>\n<strong>Mail:<\/strong> <a href=\"mailto:info(@)pro-tecs.de\">info(@)pro-tecs.de <\/a>[\/et_pb_text][\/et_pb_column][et_pb_column type=&#8221;1_3&#8243; _builder_version=&#8221;4.24.2&#8243; _module_preset=&#8221;default&#8221; custom_padding=&#8221;|||50px|false|false&#8221; custom_padding_tablet=&#8221;33px|||0px|false|false&#8221; custom_padding_phone=&#8221;23px|||0px|false|false&#8221; custom_padding_last_edited=&#8221;on|tablet&#8221; global_colors_info=&#8221;{}&#8221;][et_pb_text admin_label=&#8221;Web: www.pro-tecs.de Shop: www.shop.pro-tecs.de HBR Nr.: 12428 Flensburg  Ust. ID: DE815705498&#8243; _builder_version=&#8221;4.24.2&#8243; _module_preset=&#8221;default&#8221; global_colors_info=&#8221;{}&#8221;]<strong>Web:<\/strong>   <a href=\"https:\/\/pro-tecs.de\/en\/\">www.pro-tecs.de <\/a><br \/>\n<strong>Store:<\/strong>  <a href=\"https:\/\/shop.pro-tecs.de\/\">www.shop.pro-tecs.de <\/a> <\/p>\n<p><strong>HBR No.:<\/strong> 12428 Flensburg  <\/p>\n<p><strong>VAT. ID:<\/strong>  DE815705498[\/et_pb_text][\/et_pb_column][\/et_pb_row][et_pb_row use_custom_gutter=&#8221;on&#8221; gutter_width=&#8221;1&#8243; make_equal=&#8221;on&#8221; custom_padding_last_edited=&#8221;on|tablet&#8221; admin_label=&#8221;Liability for content&#8221; _builder_version=&#8221;4.24.2&#8243; _module_preset=&#8221;default&#8221; custom_padding=&#8221;45px||40px||false|false&#8221; custom_padding_tablet=&#8221;33px||33px||true|false&#8221; custom_padding_phone=&#8221;23px||23px||true|false&#8221; border_width_bottom=&#8221;1px&#8221; border_color_bottom=&#8221;#000000&#8243; global_colors_info=&#8221;{}&#8221;][et_pb_column type=&#8221;4_4&#8243; _builder_version=&#8221;4.24.0&#8243; _module_preset=&#8221;default&#8221; custom_padding=&#8221;||||false|false&#8221; global_colors_info=&#8221;{}&#8221;][et_pb_text admin_label=&#8221;Haftung f\u00fcr Inhalte&#8221; _builder_version=&#8221;4.27.4&#8243; _module_preset=&#8221;default&#8221; header_4_text_color=&#8221;gcid-7ac511bd-47e9-4241-98c8-bed0dd7deb16&#8243; hover_enabled=&#8221;0&#8243; global_colors_info=&#8221;{%22gcid-7ac511bd-47e9-4241-98c8-bed0dd7deb16%22:%91%22header_4_text_color%22%93,%22gcid-primary-color%22:%91%22header_2_text_color%22%93}&#8221; module_class=&#8221;h4&#8243; header_2_text_color=&#8221;gcid-primary-color&#8221; sticky_enabled=&#8221;0&#8243;]<\/p>\n<h2>Liability for content<\/h2>\n<p>[\/et_pb_text][et_pb_text admin_label=&#8221;Als Diensteanbieter sind wir gem\u00e4\u00df \u00a7 7 Abs.1 TMG f\u00fcr eigene Inhalte auf diesen Seiten nach den allgemeinen Gesetzen verantwortlich.&#8221; _builder_version=&#8221;4.24.2&#8243; _module_preset=&#8221;default&#8221; global_colors_info=&#8221;{}&#8221;]<\/p>\n<p>As a service provider, we are liable pursuant to \u00a7 7 para.1 TMG is responsible for its own content on these pages according to the general laws. According to \u00a7\u00a7 8 to 10 TMG, however, we as a service provider are not obliged to monitor transmitted or stored third-party information or to investigate circumstances that indicate illegal activity. Obligations to remove or block the use of information in accordance with the general laws remain unaffected by this. However, liability in this respect is only possible from the time of knowledge of a specific infringement. As soon as we become aware of such infringements, we will remove this content immediately.<\/p>\n<p>[\/et_pb_text][\/et_pb_column][\/et_pb_row][et_pb_row use_custom_gutter=&#8221;on&#8221; gutter_width=&#8221;1&#8243; make_equal=&#8221;on&#8221; custom_padding_last_edited=&#8221;on|tablet&#8221; admin_label=&#8221;Liability for links&#8221; _builder_version=&#8221;4.24.2&#8243; _module_preset=&#8221;default&#8221; custom_padding=&#8221;45px||40px||false|false&#8221; custom_padding_tablet=&#8221;33px||33px||true|false&#8221; custom_padding_phone=&#8221;23px||23px||true|false&#8221; border_width_bottom=&#8221;1px&#8221; border_color_bottom=&#8221;#000000&#8243; global_colors_info=&#8221;{%22gcid-7ac511bd-47e9-4241-98c8-bed0dd7deb16%22:%91%22header_4_text_color%22%93,%22gcid-primary-color%22:%91%22header_2_text_color%22%93}&#8221; title_2_text_color=&#8221;gcid-primary-color&#8221; title_4_text_color=&#8221;gcid-7ac511bd-47e9-4241-98c8-bed0dd7deb16&#8243;][et_pb_column type=&#8221;4_4&#8243; _builder_version=&#8221;4.24.0&#8243; _module_preset=&#8221;default&#8221; custom_padding=&#8221;||||false|false&#8221; global_colors_info=&#8221;{}&#8221;][et_pb_text admin_label=&#8221;Haftung f\u00fcr Links &#8221; _builder_version=&#8221;4.27.4&#8243; _module_preset=&#8221;default&#8221; header_4_text_color=&#8221;gcid-7ac511bd-47e9-4241-98c8-bed0dd7deb16&#8243; hover_enabled=&#8221;0&#8243; global_colors_info=&#8221;{%22gcid-7ac511bd-47e9-4241-98c8-bed0dd7deb16%22:%91%22header_4_text_color%22%93,%22gcid-primary-color%22:%91%22header_2_text_color%22%93}&#8221; module_class=&#8221;h4&#8243; sticky_enabled=&#8221;0&#8243; header_2_text_color=&#8221;gcid-primary-color&#8221;]<\/p>\n<h2>Liability for links<\/h2>\n<p>[\/et_pb_text][et_pb_text admin_label=&#8221;Unser Angebot enth\u00e4lt Links zu externen Webseiten Dritter, auf deren Inhalte wir keinen Einfluss haben.&#8221; _builder_version=&#8221;4.24.2&#8243; _module_preset=&#8221;default&#8221; global_colors_info=&#8221;{}&#8221;]Our website contains links to external websites of third parties over whose content we have no influence. Therefore, we cannot accept any liability for this third-party content. The respective provider or operator of the pages is always responsible for the content of the linked pages. The linked pages were checked for possible legal violations at the time of linking. Illegal contents were not recognizable at the time of linking. However, permanent monitoring of the content of the linked pages is not reasonable without concrete evidence of an infringement. If we become aware of any legal infringements, we will remove such links immediately.[\/et_pb_text][\/et_pb_column][\/et_pb_row][et_pb_row use_custom_gutter=&#8221;on&#8221; gutter_width=&#8221;1&#8243; make_equal=&#8221;on&#8221; custom_padding_last_edited=&#8221;on|tablet&#8221; admin_label=&#8221;Copyright&#8221; _builder_version=&#8221;4.24.2&#8243; _module_preset=&#8221;default&#8221; custom_padding=&#8221;45px||40px||false|false&#8221; custom_padding_tablet=&#8221;33px||33px||true|false&#8221; custom_padding_phone=&#8221;23px||23px||true|false&#8221; border_width_bottom=&#8221;1px&#8221; border_color_bottom=&#8221;#000000&#8243; global_colors_info=&#8221;{}&#8221;][et_pb_column type=&#8221;4_4&#8243; _builder_version=&#8221;4.24.0&#8243; _module_preset=&#8221;default&#8221; custom_padding=&#8221;||||false|false&#8221; global_colors_info=&#8221;{}&#8221;][et_pb_text admin_label=&#8221;Urheberrecht&#8221; _builder_version=&#8221;4.27.4&#8243; _module_preset=&#8221;default&#8221; header_4_text_color=&#8221;gcid-7ac511bd-47e9-4241-98c8-bed0dd7deb16&#8243; hover_enabled=&#8221;0&#8243; global_colors_info=&#8221;{%22gcid-7ac511bd-47e9-4241-98c8-bed0dd7deb16%22:%91%22header_4_text_color%22,%22header_4_text_color%22%93,%22gcid-primary-color%22:%91%22header_2_text_color%22%93}&#8221; header_2_text_color=&#8221;gcid-primary-color&#8221; module_class=&#8221;h4&#8243; sticky_enabled=&#8221;0&#8243;]<\/p>\n<h2>Copyright<\/h2>\n<p>[\/et_pb_text][et_pb_text admin_label=&#8221;Die durch die Seitenbetreiber erstellten Inhalte und Werke auf diesen Seiten unterliegen dem deutschen Urheberrecht. Die Vervielf\u00e4ltigung, Bearbeitung, Verbreitung und jede Art der Verwertung au\u00dferhalb der Grenzen des Urheberrechtes bed\u00fcrfen der schriftlichen Zustimmung des jeweiligen Autors bzw. Erstellers.&#8221; _builder_version=&#8221;4.24.2&#8243; _module_preset=&#8221;default&#8221; global_colors_info=&#8221;{}&#8221;]The content and works created by the site operators on these pages are subject to German copyright law. Duplication, processing, distribution and any form of commercialization of such material beyond the scope of the copyright law shall require the prior written consent of its respective author or creator. Downloads and copies of this site are only permitted for private, non-commercial use. Insofar as the content on this site was not created by the operator, the copyrights of third parties are respected. In particular, third-party content is identified as such. Should you nevertheless become aware of a copyright infringement, please inform us accordingly. If we become aware of any infringements, we will remove such content immediately. [\/et_pb_text][\/et_pb_column][\/et_pb_row][et_pb_row use_custom_gutter=&#8221;on&#8221; gutter_width=&#8221;1&#8243; make_equal=&#8221;on&#8221; custom_padding_last_edited=&#8221;on|tablet&#8221; admin_label=&#8221;Concept, design and programming&#8221; _builder_version=&#8221;4.24.2&#8243; _module_preset=&#8221;default&#8221; custom_padding=&#8221;45px||0px||false|false&#8221; custom_padding_tablet=&#8221;33px||||false|false&#8221; custom_padding_phone=&#8221;23px||||false|false&#8221; border_color_bottom=&#8221;#000000&#8243; global_colors_info=&#8221;{}&#8221;][et_pb_column type=&#8221;4_4&#8243; _builder_version=&#8221;4.24.0&#8243; _module_preset=&#8221;default&#8221; custom_padding=&#8221;||||false|false&#8221; global_colors_info=&#8221;{}&#8221;][et_pb_text admin_label=&#8221;Konzeption, Gestaltung und Programmierung&#8221; _builder_version=&#8221;4.27.4&#8243; _module_preset=&#8221;default&#8221; header_4_text_color=&#8221;gcid-7ac511bd-47e9-4241-98c8-bed0dd7deb16&#8243; hover_enabled=&#8221;0&#8243; global_colors_info=&#8221;{%22gcid-7ac511bd-47e9-4241-98c8-bed0dd7deb16%22:%91%22header_4_text_color%22,%22header_4_text_color%22%93,%22gcid-primary-color%22:%91%22header_2_text_color%22%93}&#8221; header_2_text_color=&#8221;gcid-primary-color&#8221; module_class=&#8221;h4&#8243; sticky_enabled=&#8221;0&#8243;]<\/p>\n<h2>Concept, design and programming<\/h2>\n<p>[\/et_pb_text][et_pb_text admin_label=&#8221;StyleInc. https:\/\/styleinc.eu  Alle Rechte vorbehalten.&#8221; _builder_version=&#8221;4.24.2&#8243; _module_preset=&#8221;default&#8221; global_colors_info=&#8221;{}&#8221;]<\/p>\n<p><strong>StyleInc.<\/strong>  <a href=\"https:\/\/www.styleinc.eu\/\" target=\"_blank\" rel=\"noopener nofollow\">https:\/\/styleinc.eu<\/a><\/p>\n<p>All rights reserved.  <\/p>\n<p>[\/et_pb_text][\/et_pb_column][\/et_pb_row][\/et_pb_section]<\/p>\n","protected":false},"excerpt":{"rendered":"<p>PRO-TECS GmbH Managing Director: Christian Semrau Feldstra\u00dfe 1 24983 HandewittPhone: +49 (0) 4608 9736900 Fax: +49 (0) 4608 9736915 Mail: info(@)pro-tecs.de Web: www.pro-tecs.de Store: www.shop.pro-tecs.de HBR No.: 12428 Flensburg VAT. ID: DE815705498Liability for contentAs a service provider, we are liable pursuant to \u00a7 7 para.1 TMG is responsible for its own content on these pages [&hellip;]<\/p>\n","protected":false},"author":1,"featured_media":0,"parent":0,"menu_order":0,"comment_status":"closed","ping_status":"closed","template":"","meta":{"_et_pb_use_builder":"on","_et_pb_old_content":"","_et_gb_content_width":"","inline_featured_image":false,"footnotes":""},"class_list":["post-584","page","type-page","status-publish","hentry"],"_links":{"self":[{"href":"https:\/\/pro-tecs.de\/en\/wp-json\/wp\/v2\/pages\/584","targetHints":{"allow":["GET"]}}],"collection":[{"href":"https:\/\/pro-tecs.de\/en\/wp-json\/wp\/v2\/pages"}],"about":[{"href":"https:\/\/pro-tecs.de\/en\/wp-json\/wp\/v2\/types\/page"}],"author":[{"embeddable":true,"href":"https:\/\/pro-tecs.de\/en\/wp-json\/wp\/v2\/users\/1"}],"replies":[{"embeddable":true,"href":"https:\/\/pro-tecs.de\/en\/wp-json\/wp\/v2\/comments?post=584"}],"version-history":[{"count":10,"href":"https:\/\/pro-tecs.de\/en\/wp-json\/wp\/v2\/pages\/584\/revisions"}],"predecessor-version":[{"id":6847,"href":"https:\/\/pro-tecs.de\/en\/wp-json\/wp\/v2\/pages\/584\/revisions\/6847"}],"wp:attachment":[{"href":"https:\/\/pro-tecs.de\/en\/wp-json\/wp\/v2\/media?parent=584"}],"curies":[{"name":"wp","href":"https:\/\/api.w.org\/{rel}","templated":true}]}}